{"id":12100,"date":"2020-09-25T10:02:30","date_gmt":"2020-09-25T14:02:30","guid":{"rendered":"https:\/\/fc2020.staging.baytek.ca\/fertilizer-canadas-response-to-covid-19\/"},"modified":"2020-09-25T12:15:52","modified_gmt":"2020-09-25T16:15:52","slug":"reponse-de-fertilisants-canada-au-covid-19","status":"publish","type":"page","link":"https:\/\/fertilizercanada.ca\/fr\/reponse-de-fertilisants-canada-au-covid-19\/","title":{"rendered":"R\u00e9ponse de Fertilisants Canada au COVID-19"},"content":{"rendered":"\n<div class=\"wp-block-group hero alignfull\"><div class=\"wp-block-group__inner-container is-layout-flow wp-block-group-is-layout-flow\">\n<div class=\"wp-block-cover has-background-dim\" style=\"background-image:url(https:\/\/fertilizercanada.ca\/wp-content\/uploads\/2020\/04\/about-us-1.jpg)\"><div class=\"wp-block-cover__inner-container is-layout-flow wp-block-cover-is-layout-flow\">\n\n\n\n\n<h1 class=\"wp-block-heading\">R\u00e9ponse de Fertilisants Canada au COVID-19<\/h1>\n\n\n\n<p>Le soleil sortira demain.<\/p>\n<\/div><\/div>\n<\/div><\/div>\n\n\n\n<div class=\"wp-block-group alignwide narrow\"><div class=\"wp-block-group__inner-container is-layout-flow wp-block-group-is-layout-flow\"><div>\n<div class=\"wp-block-columns video-box\">\n\t<div class=\"wp-block-column is-vertically-aligned-top top-border\" style=\"flex-basis:40%\">\n\t\t<h4 class=\"has-text-align-left h5\">A Stronger Recovery with Canadian Fertilizer<\/h4>\n\t\t<div class=\"wp-block-button open-popup-link\">\n\t\t\t<a class=\"wp-block-button__link has-text-color has-gold-color has-background has-white-background-color\" href=\"#a-stronger-recovery-with-canadian-fertilizer\">Voir la vid\u00e9o<\/a>\n\t\t<\/div>\n\t<\/div>\n\t<div class=\"wp-block-column\" style=\"flex-basis:60%\">\n\t\t<figure class=\"wp-block-image size-large open-popup-link video-wrapper\">\n\t\t\t<a href=\"#a-stronger-recovery-with-canadian-fertilizer\"><img decoding=\"async\" src=\"https:\/\/fertilizercanada.ca\/wp-content\/uploads\/2020\/06\/A_Stronger_Recovery_with_Canadian_Fertilizer_-_YouTube-1024x537.jpg\" \/><\/a>\n\t\t<\/figure>\n\t\t\t\t\t<div class=\"wp-block-group standard-modal video-modal mfp-hide\" id=\"a-stronger-recovery-with-canadian-fertilizer\">\n\t\t\t\t<div class=\"wp-block-group__inner-container\">\n\t\t\t\t\t<div class=\"wp-block-group wp-embed-aspect-16-9 wp-has-aspect-ratio\">\n\t\t\t\t\t\t<div class=\"wp-block-group__inner-container\">\n\t\t\t\t\t\t\t<iframe loading=\"lazy\" title=\"A Stronger Recovery with Canadian Fertilizer\" width=\"500\" height=\"281\" src=\"https:\/\/www.youtube.com\/embed\/3ZeTKbLsfPI?feature=oembed\" frameborder=\"0\" allow=\"accelerometer; autoplay; clipboard-write; encrypted-media; gyroscope; picture-in-picture; web-share\" referrerpolicy=\"strict-origin-when-cross-origin\" allowfullscreen><\/iframe>\t\t\t\t\t\t<\/div>\n\t\t\t\t\t<\/div>\n\t\t\t\t<\/div>\n\t\t\t<\/div>\n\t\t\t<\/div>\n<\/div><\/div>\n\n\n\n<p class=\"lead\">Fertilisants Canada a travaill\u00e9 avec diligence pour s&rsquo;assurer que le gouvernement, les intervenants et les m\u00e9dias sont conscients que notre industrie fait tout son possible pour s&rsquo;assurer que les agriculteurs re\u00e7oivent les engrais essentiels \u00e0 temps pour les semis de printemps en avril et mai, tout en prot\u00e9geant les employ\u00e9s et le public contre le COVID-19 .<\/p>\n\n\n\n<ul class=\"wp-block-list\"><li>Nous servons les Canadiens en livrant des engrais essentiels \u00e0 l&rsquo;\u00e9chelle mondiale. Nous restons une ressource essentielle pour nourrir le monde d&rsquo;aujourd&rsquo;hui et de demain.<\/li><li> Alors que nous nous remettons de cette crise mondiale, les engrais canadiens sont essentiels \u00e0 la croissance s\u00fbre et fiable des aliments au Canada et dans le monde.<\/li><li> Les engrais canadiens fournissent les nutriments dont les cultures d&rsquo;ici et du monde entier ont besoin pour continuer \u00e0 cro\u00eetre.<\/li><li> Le Canada d\u00e9pend de nous pour soutenir 76 000 emplois et des cha\u00eenes d&rsquo;approvisionnement alimentaire durables. La production d&rsquo;engrais au Canada garantit aujourd&rsquo;hui que les r\u00e9coltes futures nourriront notre monde en voie de r\u00e9tablissement.<\/li><li> Les engrais canadiens sont exp\u00e9di\u00e9s dans plus de 75 pays \u00e0 travers le monde et contribuent pour 24 milliards de dollars par an \u00e0 notre \u00e9conomie.<\/li><li> L&rsquo;ann\u00e9e derni\u00e8re, 12% de l&rsquo;approvisionnement alimentaire mondial d\u00e9pendait des engrais canadiens. Pour se remettre de cette crise, le monde a besoin d&rsquo;un approvisionnement durable et s\u00fbr en engrais essentiels aux cultures.<\/li><li> Sans engrais, la production alimentaire mondiale serait r\u00e9duite de moiti\u00e9. Les engrais sont essentiels \u00e0 la culture de la nourriture dont d\u00e9pendra un monde en r\u00e9tablissement.<\/li><\/ul>\n\n\n\n<h2 class=\"wp-block-heading\">Lettre(s) officielle(s)<\/h2>\n\n\n\n<div class=\"wp-block-columns no-margin is-layout-flex wp-container-core-columns-is-layout-9d6595d7 wp-block-columns-is-layout-flex\">\n<div class=\"wp-block-column is-layout-flow wp-block-column-is-layout-flow\"><div>\n<div class=\"wp-block-columns card resource no-image no-excerpt\">\n\t<div class=\"wp-block-column\">\n\t\t<h4 class=\"has-green-color has-text-color h5\">March 18, 2020 \u2013 Letter to the Prime Minister<\/h4>\n\t<\/div>\n\t<div class=\"wp-block-column\">\n\t\t<div class=\"wp-block-button alignright\">\n\t\t\t<a class=\"wp-block-button__link has-text-color has-green-color has-background has-green-background-color\" href=\"https:\/\/fertilizercanada.ca\/wp-content\/uploads\/2020\/09\/Fertilizer-Canada-COVID-19-Prime-Minister-Letter-1.pdf\" target=\"__blank\" rel=\"noreferrer noopener\"><\/a>\n\t\t<\/div>\n\t<\/div>\n<\/div>\n<\/div>\n<\/div>\n\n\n\n<div class=\"wp-block-column is-layout-flow wp-block-column-is-layout-flow\"><div>\n<div class=\"wp-block-columns card resource no-image no-excerpt\">\n\t<div class=\"wp-block-column\">\n\t\t<h4 class=\"has-green-color has-text-color h5\">March 20, 2020 \u2013 Letter to the Prime Minister<\/h4>\n\t<\/div>\n\t<div class=\"wp-block-column\">\n\t\t<div class=\"wp-block-button alignright\">\n\t\t\t<a class=\"wp-block-button__link has-text-color has-green-color has-background has-green-background-color\" href=\"https:\/\/fertilizercanada.ca\/wp-content\/uploads\/2020\/09\/Essential-Service-Certificate-Extensions.pdf\" target=\"__blank\" rel=\"noreferrer noopener\"><\/a>\n\t\t<\/div>\n\t<\/div>\n<\/div>\n<\/div>\n<\/div>\n<\/div>\n\n\n\n<div class=\"wp-block-columns no-margin is-layout-flex wp-container-core-columns-is-layout-9d6595d7 wp-block-columns-is-layout-flex\">\n<div class=\"wp-block-column is-layout-flow wp-block-column-is-layout-flow\"><div>\n<div class=\"wp-block-columns card resource no-image no-excerpt\">\n\t<div class=\"wp-block-column\">\n\t\t<h4 class=\"has-green-color has-text-color h5\">March 20, 2020 \u2013 Letter to Premiers of Alberta, Saskatchewan, Manitoba, Ontario, PEI, and Quebec<\/h4>\n\t<\/div>\n\t<div class=\"wp-block-column\">\n\t\t<div class=\"wp-block-button alignright\">\n\t\t\t<a class=\"wp-block-button__link has-text-color has-green-color has-background has-green-background-color\" href=\"https:\/\/fertilizercanada.ca\/wp-content\/uploads\/2020\/09\/COVID-19-Premier-letter.pdf\" target=\"__blank\" rel=\"noreferrer noopener\"><\/a>\n\t\t<\/div>\n\t<\/div>\n<\/div>\n<\/div>\n<\/div>\n\n\n\n<div class=\"wp-block-column is-layout-flow wp-block-column-is-layout-flow\"><div>\n<div class=\"wp-block-columns card resource no-image no-excerpt\">\n\t<div class=\"wp-block-column\">\n\t\t<h4 class=\"has-green-color has-text-color h5\">March 24, 2020 \u2013 Letter to Premiers of Alberta, Saskatchewan, Manitoba, Ontario, PEI, and Quebec<\/h4>\n\t<\/div>\n\t<div class=\"wp-block-column\">\n\t\t<div class=\"wp-block-button alignright\">\n\t\t\t<a class=\"wp-block-button__link has-text-color has-green-color has-background has-green-background-color\" href=\"https:\/\/fertilizercanada.ca\/wp-content\/uploads\/2020\/09\/Premier-Letter-Critical-Work.pdf\" target=\"__blank\" rel=\"noreferrer noopener\"><\/a>\n\t\t<\/div>\n\t<\/div>\n<\/div>\n<\/div>\n<\/div>\n<\/div>\n\n\n\n<div class=\"wp-block-columns no-margin is-layout-flex wp-container-core-columns-is-layout-9d6595d7 wp-block-columns-is-layout-flex\">\n<div class=\"wp-block-column is-layout-flow wp-block-column-is-layout-flow\"><div>\n<div class=\"wp-block-columns card resource no-image no-excerpt\">\n\t<div class=\"wp-block-column\">\n\t\t<h4 class=\"has-green-color has-text-color h5\">March 26, 2020 \u2013  English Letter to Canadian public officials at all levels<\/h4>\n\t<\/div>\n\t<div class=\"wp-block-column\">\n\t\t<div class=\"wp-block-button alignright\">\n\t\t\t<a class=\"wp-block-button__link has-text-color has-green-color has-background has-green-background-color\" href=\"https:\/\/fertilizercanada.ca\/wp-content\/uploads\/2020\/09\/Essential-Services_-Fertilizer-Canada-Members_FINAL-3.pdf\" target=\"__blank\" rel=\"noreferrer noopener\"><\/a>\n\t\t<\/div>\n\t<\/div>\n<\/div>\n<\/div>\n<\/div>\n\n\n\n<div class=\"wp-block-column is-layout-flow wp-block-column-is-layout-flow\"><div>\n<div class=\"wp-block-columns card resource no-image no-excerpt\">\n\t<div class=\"wp-block-column\">\n\t\t<h4 class=\"has-green-color has-text-color h5\">March 26, 2020 \u2013 French Letter to Canadian public officials at all levels<\/h4>\n\t<\/div>\n\t<div class=\"wp-block-column\">\n\t\t<div class=\"wp-block-button alignright\">\n\t\t\t<a class=\"wp-block-button__link has-text-color has-green-color has-background has-green-background-color\" href=\"https:\/\/fertilizercanada.ca\/wp-content\/uploads\/2020\/09\/Essential-Services_-Fertilizer-Canada-Members_-FR.pdf\" target=\"__blank\" rel=\"noreferrer noopener\"><\/a>\n\t\t<\/div>\n\t<\/div>\n<\/div>\n<\/div>\n<\/div>\n<\/div>\n\n\n\n<div class=\"wp-block-columns is-layout-flex wp-container-core-columns-is-layout-9d6595d7 wp-block-columns-is-layout-flex\">\n<div class=\"wp-block-column is-layout-flow wp-block-column-is-layout-flow\"><div>\n<div class=\"wp-block-columns card resource no-image no-excerpt\">\n\t<div class=\"wp-block-column\">\n\t\t<h4 class=\"has-green-color has-text-color h5\">April 20, 2020 \u2013  English Letter Commercial Carrier Regulations<\/h4>\n\t<\/div>\n\t<div class=\"wp-block-column\">\n\t\t<div class=\"wp-block-button alignright\">\n\t\t\t<a class=\"wp-block-button__link has-text-color has-green-color has-background has-green-background-color\" href=\"https:\/\/fertilizercanada.ca\/wp-content\/uploads\/2020\/09\/Fertilizer-Canada-Commercial-Carrier-Regulations-Generic.pdf\" target=\"__blank\" rel=\"noreferrer noopener\"><\/a>\n\t\t<\/div>\n\t<\/div>\n<\/div>\n<\/div>\n<\/div>\n\n\n\n<div class=\"wp-block-column is-layout-flow wp-block-column-is-layout-flow\"><\/div>\n<\/div>\n\n\n\n<h2 class=\"wp-block-heading\">Communiqu\u00e9(s) de presse<\/h2>\n\n\n\n<div class=\"wp-block-columns no-margin is-layout-flex wp-container-core-columns-is-layout-9d6595d7 wp-block-columns-is-layout-flex\">\n<div class=\"wp-block-column is-layout-flow wp-block-column-is-layout-flow\"><div>\n<div class=\"wp-block-columns card resource no-image no-excerpt\">\n\t<div class=\"wp-block-column\">\n\t\t<h4 class=\"has-green-color has-text-color h5\">Working to Ensure Farmers Continue to Receive Fertilizer Products \u2013 English<\/h4>\n\t<\/div>\n\t<div class=\"wp-block-column\">\n\t\t<div class=\"wp-block-button alignright\">\n\t\t\t<a class=\"wp-block-button__link has-text-color has-green-color has-background has-green-background-color\" href=\"\/news-events\/news\/canadian-fertilizer-industry-working-to-ensure-farmers-continue-to-receive-fertilizer-products-in-time-for-spring-seeding\/\" target=\"__blank\" rel=\"noreferrer noopener\"><\/a>\n\t\t<\/div>\n\t<\/div>\n<\/div>\n<\/div>\n<\/div>\n\n\n\n<div class=\"wp-block-column is-layout-flow wp-block-column-is-layout-flow\"><div>\n<div class=\"wp-block-columns card resource no-image no-excerpt\">\n\t<div class=\"wp-block-column\">\n\t\t<h4 class=\"has-green-color has-text-color h5\">Working to Ensure Farmers Continue to Receive Fertilizer Products \u2013 French<\/h4>\n\t<\/div>\n\t<div class=\"wp-block-column\">\n\t\t<div class=\"wp-block-button alignright\">\n\t\t\t<a class=\"wp-block-button__link has-text-color has-green-color has-background has-green-background-color\" href=\"\/fr\/news-events\/news\/lindustrie-canadienne-des-engrais-poursuit-les-efforts-pour-sassurer-que-les-agriculteurs-recevront-leurs-engrais-a-temps-pour-les-semailles-printanieres-2\/\" target=\"__blank\" rel=\"noreferrer noopener\"><\/a>\n\t\t<\/div>\n\t<\/div>\n<\/div>\n<\/div>\n<\/div>\n<\/div>\n\n\n\n<div class=\"wp-block-columns no-margin is-layout-flex wp-container-core-columns-is-layout-9d6595d7 wp-block-columns-is-layout-flex\">\n<div class=\"wp-block-column is-layout-flow wp-block-column-is-layout-flow\"><div>\n<div class=\"wp-block-columns card resource no-image no-excerpt\">\n\t<div class=\"wp-block-column\">\n\t\t<h4 class=\"has-green-color has-text-color h5\">Urging the Government to Federally Mandate the Fertilizer Supply Chain as an Essential Service \u2013 English<\/h4>\n\t<\/div>\n\t<div class=\"wp-block-column\">\n\t\t<div class=\"wp-block-button alignright\">\n\t\t\t<a class=\"wp-block-button__link has-text-color has-green-color has-background has-green-background-color\" href=\"https:\/\/fertilizercanada.ca\/wp-content\/uploads\/2020\/09\/Urging-the-Government-to-Federally-Mandate-the-Fertilizer-Supply-Chain-as-an-Essential-Service.pdf\" target=\"__blank\" rel=\"noreferrer noopener\"><\/a>\n\t\t<\/div>\n\t<\/div>\n<\/div>\n<\/div>\n<\/div>\n\n\n\n<div class=\"wp-block-column is-layout-flow wp-block-column-is-layout-flow\"><div>\n<div class=\"wp-block-columns card resource no-image no-excerpt\">\n\t<div class=\"wp-block-column\">\n\t\t<h4 class=\"has-green-color has-text-color h5\">Urging the Government to Federally Mandate the Fertilizer Supply Chain as an Essential Service \u2013 French<\/h4>\n\t<\/div>\n\t<div class=\"wp-block-column\">\n\t\t<div class=\"wp-block-button alignright\">\n\t\t\t<a class=\"wp-block-button__link has-text-color has-green-color has-background has-green-background-color\" href=\"https:\/\/fertilizercanada.ca\/wp-content\/uploads\/2020\/09\/Urging-the-Government-to-Federally-Mandate-the-Fertilizer-Supply-Chain-as-an-Essential-Service-_FR.pdf\" target=\"__blank\" rel=\"noreferrer noopener\"><\/a>\n\t\t<\/div>\n\t<\/div>\n<\/div>\n<\/div>\n<\/div>\n<\/div>\n\n\n\n<div class=\"wp-block-columns no-margin is-layout-flex wp-container-core-columns-is-layout-9d6595d7 wp-block-columns-is-layout-flex\">\n<div class=\"wp-block-column is-layout-flow wp-block-column-is-layout-flow\"><div>\n<div class=\"wp-block-columns card resource no-image no-excerpt\">\n\t<div class=\"wp-block-column\">\n\t\t<h4 class=\"has-green-color has-text-color h5\">Fertilizer Canada Working with All Levels of Government to Seek Solutions to the Challenges Faced by the Fertilizer Industry<\/h4>\n\t<\/div>\n\t<div class=\"wp-block-column\">\n\t\t<div class=\"wp-block-button alignright\">\n\t\t\t<a class=\"wp-block-button__link has-text-color has-green-color has-background has-green-background-color\" href=\"https:\/\/fertilizercanada.ca\/wp-content\/uploads\/2020\/09\/Federal-essential-service-release_FINAL.pdf\" target=\"__blank\" rel=\"noreferrer noopener\"><\/a>\n\t\t<\/div>\n\t<\/div>\n<\/div>\n<\/div>\n<\/div>\n\n\n\n<div class=\"wp-block-column is-layout-flow wp-block-column-is-layout-flow\"><div>\n<div class=\"wp-block-columns card resource no-image no-excerpt\">\n\t<div class=\"wp-block-column\">\n\t\t<h4 class=\"has-green-color has-text-color h5\">Fertilizer Positioned for Successful Spring Seeding Season \u2013 English<\/h4>\n\t<\/div>\n\t<div class=\"wp-block-column\">\n\t\t<div class=\"wp-block-button alignright\">\n\t\t\t<a class=\"wp-block-button__link has-text-color has-green-color has-background has-green-background-color\" href=\"https:\/\/fertilizercanada.ca\/wp-content\/uploads\/2020\/09\/Fertilizer-Positioned-for-Successful-Spring-Seeding-Season.pdf\" target=\"__blank\" rel=\"noreferrer noopener\"><\/a>\n\t\t<\/div>\n\t<\/div>\n<\/div>\n<\/div>\n<\/div>\n<\/div>\n\n\n\n<div class=\"wp-block-columns is-layout-flex wp-container-core-columns-is-layout-9d6595d7 wp-block-columns-is-layout-flex\">\n<div class=\"wp-block-column is-layout-flow wp-block-column-is-layout-flow\"><div>\n<div class=\"wp-block-columns card resource no-image no-excerpt\">\n\t<div class=\"wp-block-column\">\n\t\t<h4 class=\"has-green-color has-text-color h5\">Fertilizer Positioned for Successful Spring Seeding Season \u2013 French<\/h4>\n\t<\/div>\n\t<div class=\"wp-block-column\">\n\t\t<div class=\"wp-block-button alignright\">\n\t\t\t<a class=\"wp-block-button__link has-text-color has-green-color has-background has-green-background-color\" href=\"https:\/\/fertilizercanada.ca\/wp-content\/uploads\/2020\/09\/Fertilizer-Positioned-for-Successful-Spring-Seeding-Season_FR.pdf\" target=\"__blank\" rel=\"noreferrer noopener\"><\/a>\n\t\t<\/div>\n\t<\/div>\n<\/div>\n<\/div>\n<\/div>\n\n\n\n<div class=\"wp-block-column is-layout-flow wp-block-column-is-layout-flow\"><\/div>\n<\/div>\n\n\n\n<h2 class=\"wp-block-heading\">Apparence(s) dans les m\u00e9dias<\/h2>\n\n\n\n<div class=\"wp-block-columns no-margin is-layout-flex wp-container-core-columns-is-layout-9d6595d7 wp-block-columns-is-layout-flex\">\n<div class=\"wp-block-column is-layout-flow wp-block-column-is-layout-flow\"><div>\n<div class=\"wp-block-columns card resource no-image no-excerpt\">\n\t<div class=\"wp-block-column\">\n\t\t<h4 class=\"has-green-color has-text-color h5\">Companies working to ensure fertilizer supplies are ready for spring<\/h4>\n\t<\/div>\n\t<div class=\"wp-block-column\">\n\t\t<div class=\"wp-block-button alignright\">\n\t\t\t<a class=\"wp-block-button__link has-text-color has-green-color has-background has-green-background-color\" href=\"https:\/\/www.realagriculture.com\/2020\/03\/companies-working-to-ensure-fertilizer-supplies-are-ready-for-spring\/\" target=\"__blank\" rel=\"noreferrer noopener\"><\/a>\n\t\t<\/div>\n\t<\/div>\n<\/div>\n<\/div>\n<\/div>\n\n\n\n<div class=\"wp-block-column is-layout-flow wp-block-column-is-layout-flow\"><div>\n<div class=\"wp-block-columns card resource no-image no-excerpt\">\n\t<div class=\"wp-block-column\">\n\t\t<h4 class=\"has-green-color has-text-color h5\">COVID-19 won\u2019t disrupt fertilizer availability<\/h4>\n\t<\/div>\n\t<div class=\"wp-block-column\">\n\t\t<div class=\"wp-block-button alignright\">\n\t\t\t<a class=\"wp-block-button__link has-text-color has-green-color has-background has-green-background-color\" href=\"https:\/\/www.producer.com\/2020\/03\/covid-19-wont-disrupt-fertilizer-availability\/\" target=\"__blank\" rel=\"noreferrer noopener\"><\/a>\n\t\t<\/div>\n\t<\/div>\n<\/div>\n<\/div>\n<\/div>\n<\/div>\n\n\n\n<div class=\"wp-block-columns no-margin is-layout-flex wp-container-core-columns-is-layout-9d6595d7 wp-block-columns-is-layout-flex\">\n<div class=\"wp-block-column is-layout-flow wp-block-column-is-layout-flow\"><div>\n<div class=\"wp-block-columns card resource no-image no-excerpt\">\n\t<div class=\"wp-block-column\">\n\t\t<h4 class=\"has-green-color has-text-color h5\">Canada\u2019s fertilizer industry keeps product flowing<\/h4>\n\t<\/div>\n\t<div class=\"wp-block-column\">\n\t\t<div class=\"wp-block-button alignright\">\n\t\t\t<a class=\"wp-block-button__link has-text-color has-green-color has-background has-green-background-color\" href=\"https:\/\/www.ontariofarmer.com\/crops\/canadas-fertilizer-industry-keeps-product-flowing?utm_source=rss&utm_medium=feed&utm_campaign=truncated_content&utm_content=crops&utm_term=ontario_farmer_staff\" target=\"__blank\" rel=\"noreferrer noopener\"><\/a>\n\t\t<\/div>\n\t<\/div>\n<\/div>\n<\/div>\n<\/div>\n\n\n\n<div class=\"wp-block-column is-layout-flow wp-block-column-is-layout-flow\"><div>\n<div class=\"wp-block-columns card resource no-image no-excerpt\">\n\t<div class=\"wp-block-column\">\n\t\t<h4 class=\"has-green-color has-text-color h5\">No delays expected in fertilizer distribution<\/h4>\n\t<\/div>\n\t<div class=\"wp-block-column\">\n\t\t<div class=\"wp-block-button alignright\">\n\t\t\t<a class=\"wp-block-button__link has-text-color has-green-color has-background has-green-background-color\" href=\"https:\/\/www.ontariofarmer.com\/crops\/canadas-fertilizer-industry-keeps-product-flowing?utm_source=rss&utm_medium=feed&utm_campaign=truncated_content&utm_content=crops&utm_term=ontario_farmer_staff\" target=\"__blank\" rel=\"noreferrer noopener\"><\/a>\n\t\t<\/div>\n\t<\/div>\n<\/div>\n<\/div>\n<\/div>\n<\/div>\n\n\n\n<div class=\"wp-block-columns no-margin is-layout-flex wp-container-core-columns-is-layout-9d6595d7 wp-block-columns-is-layout-flex\">\n<div class=\"wp-block-column is-layout-flow wp-block-column-is-layout-flow\"><div>\n<div class=\"wp-block-columns card resource no-image no-excerpt\">\n\t<div class=\"wp-block-column\">\n\t\t<h4 class=\"has-green-color has-text-color h5\">Fertilizer Canada Says Product Movement Must Continue<\/h4>\n\t<\/div>\n\t<div class=\"wp-block-column\">\n\t\t<div class=\"wp-block-button alignright\">\n\t\t\t<a class=\"wp-block-button__link has-text-color has-green-color has-background has-green-background-color\" href=\"https:\/\/portageonline.com\/ag\/agriculture-news-mb\/fertilizer-canada-says-product-movement-must-continue\" target=\"__blank\" rel=\"noreferrer noopener\"><\/a>\n\t\t<\/div>\n\t<\/div>\n<\/div>\n<\/div>\n<\/div>\n\n\n\n<div class=\"wp-block-column is-layout-flow wp-block-column-is-layout-flow\"><div>\n<div class=\"wp-block-columns card resource no-image no-excerpt\">\n\t<div class=\"wp-block-column\">\n\t\t<h4 class=\"has-green-color has-text-color h5\">The effects of COVID-19 on plant 2020<\/h4>\n\t<\/div>\n\t<div class=\"wp-block-column\">\n\t\t<div class=\"wp-block-button alignright\">\n\t\t\t<a class=\"wp-block-button__link has-text-color has-green-color has-background has-green-background-color\" href=\"https:\/\/www.farms.com\/ag-industry-news\/the-effects-of-covid-19-on-plant-2020-700.aspx\" target=\"__blank\" rel=\"noreferrer noopener\"><\/a>\n\t\t<\/div>\n\t<\/div>\n<\/div>\n<\/div>\n<\/div>\n<\/div>\n\n\n\n<div class=\"wp-block-columns no-margin is-layout-flex wp-container-core-columns-is-layout-9d6595d7 wp-block-columns-is-layout-flex\">\n<div class=\"wp-block-column is-layout-flow wp-block-column-is-layout-flow\"><div>\n<div class=\"wp-block-columns card resource no-image no-excerpt\">\n\t<div class=\"wp-block-column\">\n\t\t<h4 class=\"has-green-color has-text-color h5\">On today\u2019s show, we chat with the president of Fertilizer Canada.<\/h4>\n\t<\/div>\n\t<div class=\"wp-block-column\">\n\t\t<div class=\"wp-block-button alignright\">\n\t\t\t<a class=\"wp-block-button__link has-text-color has-green-color has-background has-green-background-color\" href=\"https:\/\/www.pembinavalleyonline.com\/radio\/mb-farm-journal\" target=\"__blank\" rel=\"noreferrer noopener\"><\/a>\n\t\t<\/div>\n\t<\/div>\n<\/div>\n<\/div>\n<\/div>\n\n\n\n<div class=\"wp-block-column is-layout-flow wp-block-column-is-layout-flow\"><div>\n<div class=\"wp-block-columns card resource no-image no-excerpt\">\n\t<div class=\"wp-block-column\">\n\t\t<h4 class=\"has-green-color has-text-color h5\">Border closure likely to leave most commerce unscathed<\/h4>\n\t<\/div>\n\t<div class=\"wp-block-column\">\n\t\t<div class=\"wp-block-button alignright\">\n\t\t\t<a class=\"wp-block-button__link has-text-color has-green-color has-background has-green-background-color\" href=\"https:\/\/www.manitobacooperator.ca\/news-opinion\/news\/border-closure-likely-to-leave-most-commerce-unscathed\/\" target=\"__blank\" rel=\"noreferrer noopener\"><\/a>\n\t\t<\/div>\n\t<\/div>\n<\/div>\n<\/div>\n<\/div>\n<\/div>\n\n\n\n<div class=\"wp-block-columns no-margin is-layout-flex wp-container-core-columns-is-layout-9d6595d7 wp-block-columns-is-layout-flex\">\n<div class=\"wp-block-column is-layout-flow wp-block-column-is-layout-flow\"><div>\n<div class=\"wp-block-columns card resource no-image no-excerpt\">\n\t<div class=\"wp-block-column\">\n\t\t<h4 class=\"has-green-color has-text-color h5\">Fertilizer Canada urges government to mandate fertilizer supply chain as essential service<\/h4>\n\t<\/div>\n\t<div class=\"wp-block-column\">\n\t\t<div class=\"wp-block-button alignright\">\n\t\t\t<a class=\"wp-block-button__link has-text-color has-green-color has-background has-green-background-color\" href=\"https:\/\/www.realagriculture.com\/2020\/03\/fertilizer-canada-urges-government-to-mandate-fertilizer-supply-chain-as-essential-service\/\" target=\"__blank\" rel=\"noreferrer noopener\"><\/a>\n\t\t<\/div>\n\t<\/div>\n<\/div>\n<\/div>\n<\/div>\n\n\n\n<div class=\"wp-block-column is-layout-flow wp-block-column-is-layout-flow\"><div>\n<div class=\"wp-block-columns card resource no-image no-excerpt\">\n\t<div class=\"wp-block-column\">\n\t\t<h4 class=\"has-green-color has-text-color h5\">Fertilizer Canada urges essential industry designation<\/h4>\n\t<\/div>\n\t<div class=\"wp-block-column\">\n\t\t<div class=\"wp-block-button alignright\">\n\t\t\t<a class=\"wp-block-button__link has-text-color has-green-color has-background has-green-background-color\" href=\"https:\/\/www.argusmedia.com\/en\/news\/2090047-fertilizer-canada-urges-essential-industry-designation\" target=\"__blank\" rel=\"noreferrer noopener\"><\/a>\n\t\t<\/div>\n\t<\/div>\n<\/div>\n<\/div>\n<\/div>\n<\/div>\n\n\n\n<div class=\"wp-block-columns no-margin is-layout-flex wp-container-core-columns-is-layout-9d6595d7 wp-block-columns-is-layout-flex\">\n<div class=\"wp-block-column is-layout-flow wp-block-column-is-layout-flow\"><div>\n<div class=\"wp-block-columns card resource no-image no-excerpt\">\n\t<div class=\"wp-block-column\">\n\t\t<h4 class=\"has-green-color has-text-color h5\">Fertilizer industry asks for essential designation<\/h4>\n\t<\/div>\n\t<div class=\"wp-block-column\">\n\t\t<div class=\"wp-block-button alignright\">\n\t\t\t<a class=\"wp-block-button__link has-text-color has-green-color has-background has-green-background-color\" href=\"https:\/\/www.ontariofarmer.com\/crops\/fertilizer-industry-asks-for-essential-designation\" target=\"__blank\" rel=\"noreferrer noopener\"><\/a>\n\t\t<\/div>\n\t<\/div>\n<\/div>\n<\/div>\n<\/div>\n\n\n\n<div class=\"wp-block-column is-layout-flow wp-block-column-is-layout-flow\"><div>\n<div class=\"wp-block-columns card resource no-image no-excerpt\">\n\t<div class=\"wp-block-column\">\n\t\t<h4 class=\"has-green-color has-text-color h5\">Farmers aren\u2019t the only ones worried about the food supply chain this time<\/h4>\n\t<\/div>\n\t<div class=\"wp-block-column\">\n\t\t<div class=\"wp-block-button alignright\">\n\t\t\t<a class=\"wp-block-button__link has-text-color has-green-color has-background has-green-background-color\" href=\"https:\/\/lfpress.com\/commodities\/agriculture\/farmers-arent-the-only-ones-worried-about-the-food-supply-chain-this-time\/wcm\/6b02ed7a-3e37-4136-868f-64dd94dbf4a5\" target=\"__blank\" rel=\"noreferrer noopener\"><\/a>\n\t\t<\/div>\n\t<\/div>\n<\/div>\n<\/div>\n<\/div>\n<\/div>\n\n\n\n<div class=\"wp-block-columns is-layout-flex wp-container-core-columns-is-layout-9d6595d7 wp-block-columns-is-layout-flex\">\n<div class=\"wp-block-column is-layout-flow wp-block-column-is-layout-flow\"><div>\n<div class=\"wp-block-columns card resource no-image no-excerpt\">\n\t<div class=\"wp-block-column\">\n\t\t<h4 class=\"has-green-color has-text-color h5\">So far, so good,\u2019 fertilizer sector says<\/h4>\n\t<\/div>\n\t<div class=\"wp-block-column\">\n\t\t<div class=\"wp-block-button alignright\">\n\t\t\t<a class=\"wp-block-button__link has-text-color has-green-color has-background has-green-background-color\" href=\"https:\/\/www.country-guide.ca\/daily\/so-far-so-good-fertilizer-sector-says\/?utm_source=GFM+Publications&utm_campaign=1f839c8b37-Country+Guide+daily+enews+west+Apr+17+2020&utm_medium=email&utm_term=0_2da8244677-1f839c8b37-89242319\" target=\"__blank\" rel=\"noreferrer noopener\"><\/a>\n\t\t<\/div>\n\t<\/div>\n<\/div>\n<\/div>\n<\/div>\n\n\n\n<div class=\"wp-block-column is-layout-flow wp-block-column-is-layout-flow\"><\/div>\n<\/div>\n\n\n\n<h2 class=\"wp-block-heading\">Ressources de l&rsquo;industrie<\/h2>\n\n\n\n<h3 class=\"wp-block-heading\">Centre d&rsquo;information IFA Covid-19 et d\u00e9claration publique<\/h3>\n\n\n\n<div class=\"wp-block-columns is-layout-flex wp-container-core-columns-is-layout-9d6595d7 wp-block-columns-is-layout-flex\">\n<div class=\"wp-block-column is-layout-flow wp-block-column-is-layout-flow\">\n<div class=\"wp-block-button is-style-outline has-margin-bottom is-style-outline--1\"><a class=\"wp-block-button__link has-text-color has-gold-color\" href=\"https:\/\/www.fertilizer.org\/Member\/Default.aspx?LoginRedirect=true&amp;returnurl=%2FMember%2FCOVID19\" target=\"_blank\" rel=\"noreferrer noopener\">Centre d&rsquo;information COVID-19<\/a><\/div>\n\n\n\n<p><em>D\u00e9claration publique de l&rsquo;IFA:<\/em><\/p>\n\n\n\n<p><strong>La cha\u00eene d&rsquo;approvisionnement mondiale des engrais s&rsquo;engage \u00e0 fournir des produits de nutrition des plantes aux agriculteurs du monde entier en ces temps difficiles<\/strong><\/p>\n<\/div>\n\n\n\n<div class=\"wp-block-column is-layout-flow wp-block-column-is-layout-flow\"><div>\n<div class=\"wp-block-columns card resource no-image no-excerpt\">\n\t<div class=\"wp-block-column\">\n\t\t<h4 class=\"has-green-color has-text-color h5\">The Global Fertilizer Supply Chain is committed to delivering plant nutrition products to farmers around the world in these challenging times<\/h4>\n\t<\/div>\n\t<div class=\"wp-block-column\">\n\t\t<div class=\"wp-block-button alignright\">\n\t\t\t<a class=\"wp-block-button__link has-text-color has-green-color has-background has-green-background-color\" href=\"https:\/\/www.fertilizer.org\/Public\/Media\/Press_Releases\/Public\/Media\/Press_Releases\/2020_03_19_Global_Fertilizer_Supply_Chain.aspx\" target=\"__blank\" rel=\"noreferrer noopener\"><\/a>\n\t\t<\/div>\n\t<\/div>\n<\/div>\n<\/div>\n<\/div>\n<\/div>\n\n\n\n<h3 class=\"wp-block-heading\">Impact du COVID-19 sur les activit\u00e9s d&rsquo;\u00e9dition de Statistique Canada<\/h3>\n\n\n\n<p>Dans le contexte de l&rsquo;\u00e9volution rapide de la situation entourant le nouveau coronavirus (\u00e9galement connu sous le nom de COVID-19), Statistique Canada demeure d\u00e9termin\u00e9 \u00e0 fournir aux Canadiens les renseignements dont ils ont besoin. L\u2019agence pr\u00e9voit continuer de diffuser des donn\u00e9es provenant de programmes jug\u00e9s \u00abessentiels \u00e0 la mission\u00bb pour le bon fonctionnement du gouvernement du Canada, ainsi que pour l\u2019\u00e9conomie et la soci\u00e9t\u00e9 canadiennes. Toutes les autres publications de donn\u00e9es seront report\u00e9es jusqu&rsquo;\u00e0 nouvel ordre.<\/p>\n\n\n\n<p>L&rsquo;agence continuera de suivre la situation au fur et \u00e0 mesure de son \u00e9volution et pourra adapter davantage ses activit\u00e9s d&rsquo;\u00e9dition au besoin.<\/p>\n\n\n\n<div class=\"wp-block-button is-style-outline has-margin-bottom is-style-outline--2\"><a class=\"wp-block-button__link has-text-color has-gold-color\" href=\"https:\/\/www150.statcan.gc.ca\/n1\/daily-quotidien\/200318\/dq200318b-eng.htm\" target=\"_blank\" rel=\"noreferrer noopener\">Anglais<\/a><\/div>\n\n\n\n<div class=\"wp-block-button is-style-outline has-margin-bottom is-style-outline--3\"><a class=\"wp-block-button__link has-text-color has-gold-color\" href=\"https:\/\/www150.statcan.gc.ca\/n1\/daily-quotidien\/200318\/dq200318b-fra.htm\" target=\"_blank\" rel=\"noreferrer noopener\">Fran\u00e7ais<\/a><\/div>\n\n\n\n<div style=\"height:100px\" aria-hidden=\"true\" class=\"wp-block-spacer\"><\/div>\n\n\n\n<h3 class=\"wp-block-heading\">Communiqu\u00e9 de presse de la Chambre de commerce du Canada<\/h3>\n\n\n\n<div class=\"wp-block-columns is-layout-flex wp-container-core-columns-is-layout-9d6595d7 wp-block-columns-is-layout-flex\">\n<div class=\"wp-block-column is-layout-flow wp-block-column-is-layout-flow\">\n<p><strong>Les principales organisations commerciales du Canada demandent au gouvernement de prot\u00e9ger les emplois et de reporter les nouvelles mesures non essentielles<\/strong><br \/> Alita Fabiano &#8211;<\/p>\n\n\n\n<p><strong>(OTTAWA) \u2013 25 mars 2020<\/strong>\u00a0\u2013 Plus de 60 des principales organisations d\u2019affaires du Canada demandent aux gouvernements d\u2019appuyer un effort national pour prot\u00e9ger les emplois et reporter les nouvelles mesures non essentielles.<\/p>\n<\/div>\n\n\n\n<div class=\"wp-block-column is-layout-flow wp-block-column-is-layout-flow\"><div>\n<div class=\"wp-block-columns card resource no-image no-excerpt\">\n\t<div class=\"wp-block-column\">\n\t\t<h4 class=\"has-green-color has-text-color h5\">Canada\u2019s Leading Business Organizations Call on Government to Protect Jobs and Postpone Non-Essential New Measures<\/h4>\n\t<\/div>\n\t<div class=\"wp-block-column\">\n\t\t<div class=\"wp-block-button alignright\">\n\t\t\t<a class=\"wp-block-button__link has-text-color has-green-color has-background has-green-background-color\" href=\"http:\/\/chamber.ca\/media\/news-releases\/200325-leading-biz-organizations-call-on-gov\/\" target=\"__blank\" rel=\"noreferrer noopener\"><\/a>\n\t\t<\/div>\n\t<\/div>\n<\/div>\n<\/div>\n<\/div>\n<\/div>\n\n\n\n<h3 class=\"wp-block-heading\">PROJET DE LOI C-13 &#8211; Loi concernant certaines mesures en r\u00e9ponse au COVID-19<\/h3>\n\n\n\n<div class=\"wp-block-columns is-layout-flex wp-container-core-columns-is-layout-9d6595d7 wp-block-columns-is-layout-flex\">\n<div class=\"wp-block-column is-layout-flow wp-block-column-is-layout-flow\">\n<p>TEL QUE PASS\u00c9 PAR LA CHAMBRE DES COMMUNES<\/p>\n\n\n\n<p>24 mars 2020<\/p>\n\n\n\n<p>RECOMMANDATION<\/p>\n\n\n\n<p>Son Excellence la gouverneure g\u00e9n\u00e9rale recommande \u00e0 la Chambre des communes l&rsquo;affectation des revenus publics dans les circonstances, de la mani\u00e8re et aux fins \u00e9nonc\u00e9es dans une mesure intitul\u00e9e \u00abLoi concernant certaines mesures en r\u00e9ponse au COVID-19\u00bb.<\/p>\n<\/div>\n\n\n\n<div class=\"wp-block-column is-layout-flow wp-block-column-is-layout-flow\"><div>\n<div class=\"wp-block-columns card resource no-image no-excerpt\">\n\t<div class=\"wp-block-column\">\n\t\t<h4 class=\"has-green-color has-text-color h5\">BILL C-13 An Act respecting certain measures in response to COVID-19<\/h4>\n\t<\/div>\n\t<div class=\"wp-block-column\">\n\t\t<div class=\"wp-block-button alignright\">\n\t\t\t<a class=\"wp-block-button__link has-text-color has-green-color has-background has-green-background-color\" href=\"https:\/\/www.parl.ca\/DocumentViewer\/en\/43-1\/bill\/C-13\/third-reading#ID0E0CD0AA\" target=\"__blank\" rel=\"noreferrer noopener\"><\/a>\n\t\t<\/div>\n\t<\/div>\n<\/div>\n<\/div>\n<\/div>\n<\/div>\n\n\n\n<h3 class=\"wp-block-heading\">Le Premier ministre annonce un soutien aux petites entreprises confront\u00e9es aux impacts du COVID-19<\/h3>\n\n\n\n<div class=\"wp-block-columns is-layout-flex wp-container-core-columns-is-layout-9d6595d7 wp-block-columns-is-layout-flex\">\n<div class=\"wp-block-column is-layout-flow wp-block-column-is-layout-flow\">\n<p>Le premier ministre Justin Trudeau a annonc\u00e9 aujourd&rsquo;hui de nouvelles mesures suppl\u00e9mentaires pour aider les petites entreprises \u00e0 faire face aux impacts \u00e9conomiques de la pand\u00e9mie. Ces mesures aideront les entreprises canadiennes \u00e0 prot\u00e9ger les emplois dont d\u00e9pendent les Canadiens et \u00e0 payer leurs travailleurs et leurs factures en ces temps difficiles.<\/p>\n<\/div>\n\n\n\n<div class=\"wp-block-column is-layout-flow wp-block-column-is-layout-flow\"><div>\n<div class=\"wp-block-columns card resource no-image no-excerpt\">\n\t<div class=\"wp-block-column\">\n\t\t<h4 class=\"has-green-color has-text-color h5\">Prime Minister announces support for small businesses facing impacts of COVID\u201119<\/h4>\n\t<\/div>\n\t<div class=\"wp-block-column\">\n\t\t<div class=\"wp-block-button alignright\">\n\t\t\t<a class=\"wp-block-button__link has-text-color has-green-color has-background has-green-background-color\" href=\"https:\/\/fertilizercanada.ca\/fr\/ressources\/prime-minister-announces-support-for-small-businesses-facing-impacts-of-covid%e2%80%9119\" target=\"__blank\" rel=\"noreferrer noopener\"><\/a>\n\t\t<\/div>\n\t<\/div>\n<\/div>\n<\/div>\n<\/div>\n<\/div>\n\n\n\n<h3 class=\"wp-block-heading\">TFW \u2013 Guidance for Employers \/ TET \u2013 Lignes directrices pour les employeurs<\/h3>\n\n\n\n<div class=\"wp-block-columns is-layout-flex wp-container-core-columns-is-layout-9d6595d7 wp-block-columns-is-layout-flex\">\n<div class=\"wp-block-column is-layout-flow wp-block-column-is-layout-flow\">\n<p>Le Programme des travailleurs \u00e9trangers temporaires (TET) du Canada est administr\u00e9 conjointement par Emploi et D\u00e9veloppement social Canada (EDSC) et Immigration, R\u00e9fugi\u00e9s et Citoyennet\u00e9 Canada (IRCC). IRCC a r\u00e9cemment annonc\u00e9 des exemptions aux restrictions de voyage pour faciliter l&rsquo;entr\u00e9e des TET au Canada. Les employeurs qui utilisent tous les volets du programme peuvent prendre des dispositions pour que les travailleurs entrent au Canada. Suite \u00e0 l&rsquo;annonce des exemptions aux restrictions de voyage, veuillez trouver ci-joint des conseils pour les employeurs de travailleurs \u00e9trangers temporaires concernant le COVID-19.<\/p>\n\n\n\n<div class=\"wp-block-button is-style-outline has-margin-bottom is-style-outline--4\"><a class=\"wp-block-button__link has-text-color has-gold-color\" href=\"https:\/\/fertilizercanada.ca\/wp-content\/uploads\/2020\/03\/Guidance-for-Employers-of-TFWs-on-COVID-19-March-27-2020-FINAL-EN.pdf\" target=\"_blank\" rel=\"noreferrer noopener\">Anglais<\/a><\/div>\n\n\n\n<div class=\"wp-block-button is-style-outline has-margin-bottom is-style-outline--5\"><a class=\"wp-block-button__link has-text-color has-gold-color\" href=\"https:\/\/fertilizercanada.ca\/wp-content\/uploads\/2020\/03\/Lignes-directrices-pour-les-employeurs-de-TET-concernant-la-COVID-19-27-mars-2020-FINALE-FR.pdf\" target=\"_blank\" rel=\"noreferrer noopener\">Fran\u00e7ais<\/a><\/div>\n<\/div>\n\n\n\n<div class=\"wp-block-column is-layout-flow wp-block-column-is-layout-flow\"><div>\n<div class=\"wp-block-columns card resource no-image no-excerpt\">\n\t<div class=\"wp-block-column\">\n\t\t<h4 class=\"has-green-color has-text-color h5\">How the coronavirus disease (COVID-19) is affecting immigration, refugees, citizenship and passport services<\/h4>\n\t<\/div>\n\t<div class=\"wp-block-column\">\n\t\t<div class=\"wp-block-button alignright\">\n\t\t\t<a class=\"wp-block-button__link has-text-color has-green-color has-background has-green-background-color\" href=\"https:\/\/www.canada.ca\/en\/immigration-refugees-citizenship\/services\/coronavirus-special-measures.html\" target=\"__blank\" rel=\"noreferrer noopener\"><\/a>\n\t\t<\/div>\n\t<\/div>\n<\/div>\n<\/div>\n<\/div>\n<\/div>\n\n\n\n<h3 class=\"wp-block-heading\">Fertilisants Canada demande de reporter la date limite pour les trousses d&rsquo;enregistrement des stabilisants azot\u00e9s<\/h3>\n\n\n\n<p><strong>Veuillez distribuer \u00e0 tous vos membres qui seront concern\u00e9s par cette d\u00e9cision:<\/strong><\/p>\n\n\n\n<p>(Le texte fran\u00e7ais suit le texte anglais)<\/p>\n\n\n\n<p>The Canadian Food Inspection Agency is very aware of the disruptions COVID-19 pandemic is having across the supply chain around the globe including staff shortages, data collection and analysis capacity gaps and laboratory availability and is working diligently to maintain critical services . In light of these challenges we are extending the deadline for submitting data packages and applications for registration of urease and nitrification inhibitors by&nbsp;<strong>120 days (3 months)<\/strong>&nbsp;till September 30<sup>th<\/sup>&nbsp;2020. Should the crisis situation not be resolved by then the decision can be revisited at that time.<\/p>\n\n\n\n<p>In the meantime, nitrification and urease inhibitor products currently on the market that are not currently registered will not be subject to compliance and enforcement activities&nbsp;<\/p>\n\n\n\n<p>Stay safe and all the best during these trying times<\/p>\n\n\n\n<p>Kind regards<\/p>\n\n\n\n<p>L\u2019Agence canadienne d\u2019inspection des aliments est tr\u00e8s consciente des perturbations que la pand\u00e9mie de la COVID-19 a sur la cha\u00eene d\u2019approvisionnement du monde entier, notamment les p\u00e9nuries de personnel, les lacunes en mati\u00e8re de capacit\u00e9 de collecte et d\u2019analyse des donn\u00e9es et la disponibilit\u00e9 des laboratoires et travaille avec diligence pour fournir les services essentiels. Compte tenu de ces d\u00e9fis, nous reportons le d\u00e9lai de soumission des donn\u00e9es d\u2019innocuit\u00e9 et des demandes d\u2019enregistrement des inhibiteurs de la nitrification et de l\u2019ur\u00e9ase de 120 jours (3 mois) jusqu\u2019au 30 septembre 2020. Si la situation de crise n\u2019est pas r\u00e9solue d\u2019ici l\u00e0, la d\u00e9cision pourra \u00eatre r\u00e9examin\u00e9e.<\/p>\n\n\n\n<p>Entre-temps, les inhibiteurs de la nitrification et de l\u2019ur\u00e9ase actuellement sur le march\u00e9 qui ne sont pas actuellement enregistr\u00e9s ne seront pas soumis aux activit\u00e9s de conformit\u00e9 et d\u2019application de la loi.<\/p>\n\n\n\n<p>Soyez prudent&nbsp; et nous vous souhaitons bonne chance pendant ces moments difficiles<\/p>\n\n\n\n<p>Cordialement,<\/p>\n\n\n\n<p>Ewa Madey PhD.<\/p>\n\n\n\n<p>National Manager, Fertilizer Safety Section<\/p>\n\n\n\n<p>Canadian Food Inspection Agency\/Government of Canada<\/p>\n\n\n\n<p><a href=\"mailto:ewa.madey@canada.ca\/Tel\">ewa.madey@canada.ca<\/a>\/Tel 613-773-7754<\/p>\n\n\n\n<div style=\"height:100px\" aria-hidden=\"true\" class=\"wp-block-spacer\"><\/div>\n\n\n\n<h3 class=\"wp-block-heading\">Le ministre des Finances Bill Morneau, le ministre de la Petite Entreprise, de la Promotion des exportations et du Commerce international, Mary Ng, et le ministre de l&rsquo;Innovation, des Sciences et de l&rsquo;Industrie, Navdeep Bains, ont annonc\u00e9 les d\u00e9tails du projet de subvention salariale d&rsquo;urgence du Canada:<\/h3>\n\n\n\n<p>La subvention salariale d&rsquo;urgence du Canada s&rsquo;appliquerait \u00e0 un taux de 75 pour cent des premiers 58 700 $ normalement gagn\u00e9s par les employ\u00e9s &#8211; ce qui repr\u00e9sente un avantage pouvant aller jusqu&rsquo;\u00e0 847 $ par semaine. Le programme serait en place pour une p\u00e9riode de 12 semaines, du 15 mars au 6 juin 2020.<\/p>\n\n\n\n<div class=\"wp-block-columns is-layout-flex wp-container-core-columns-is-layout-9d6595d7 wp-block-columns-is-layout-flex\">\n<div class=\"wp-block-column is-layout-flow wp-block-column-is-layout-flow\"><div>\n<div class=\"wp-block-columns card resource no-image no-excerpt\">\n\t<div class=\"wp-block-column\">\n\t\t<h4 class=\"has-green-color has-text-color h5\">April 2, 2020 \u2013  English details of the proposed Canada Emergency Wage Subsidy<\/h4>\n\t<\/div>\n\t<div class=\"wp-block-column\">\n\t\t<div class=\"wp-block-button alignright\">\n\t\t\t<a class=\"wp-block-button__link has-text-color has-green-color has-background has-green-background-color\" href=\"https:\/\/www.canada.ca\/en\/department-finance\/news\/2020\/04\/the-canada-emergency-wage-subsidy.html\" target=\"__blank\" rel=\"noreferrer noopener\"><\/a>\n\t\t<\/div>\n\t<\/div>\n<\/div>\n<\/div>\n<\/div>\n\n\n\n<div class=\"wp-block-column is-layout-flow wp-block-column-is-layout-flow\"><div>\n<div class=\"wp-block-columns card resource no-image no-excerpt\">\n\t<div class=\"wp-block-column\">\n\t\t<h4 class=\"has-green-color has-text-color h5\">April 2, 2020 \u2013 French details of the proposed Canada Emergency Wage Subsidy<\/h4>\n\t<\/div>\n\t<div class=\"wp-block-column\">\n\t\t<div class=\"wp-block-button alignright\">\n\t\t\t<a class=\"wp-block-button__link has-text-color has-green-color has-background has-green-background-color\" href=\"https:\/\/fertilizercanada-ksiu6qbsd.netdna-ssl.com\/wp-content\/uploads\/2020\/03\/Essential-Services_-Fertilizer-Canada-Members_-FR.pdf\" target=\"__blank\" rel=\"noreferrer noopener\"><\/a>\n\t\t<\/div>\n\t<\/div>\n<\/div>\n<\/div>\n<\/div>\n<\/div>\n\n\n\n<h3 class=\"wp-block-heading\">LES GROUPES INDUSTRIELS SE RENCONTRENT POUR SOUTENIR LES BANQUES ALIMENTAIRES DU CANADA<\/h3>\n\n\n\n<p><strong>Pour diffusion imm\u00e9diate<br \/><\/strong> 9 avril 2020 (Ottawa) Dans le but de renforcer le soutien aux familles canadiennes dans le besoin, 18 associations et partenaires industriels nationaux et r\u00e9gionaux se sont r\u00e9unis aujourd&rsquo;hui pour faire un don total de 36000 $ \u00e0 la Banque alimentaire d&rsquo;Ottawa, \u00e0 Banques alimentaires Canada et aux banques alimentaires partout au pays &#8211; et ils ont mis au d\u00e9fi d&rsquo;autres groupes industriels de faire de m\u00eame.<\/p>\n\n\n\n<div class=\"wp-block-columns is-layout-flex wp-container-core-columns-is-layout-9d6595d7 wp-block-columns-is-layout-flex\">\n<div class=\"wp-block-column is-layout-flow wp-block-column-is-layout-flow\"><div>\n<div class=\"wp-block-columns card resource no-image no-excerpt\">\n\t<div class=\"wp-block-column\">\n\t\t<h4 class=\"has-green-color has-text-color h5\">Industry Groups Come Together to Support Canada\u2019s Food Banks &#8211; English Release<\/h4>\n\t<\/div>\n\t<div class=\"wp-block-column\">\n\t\t<div class=\"wp-block-button alignright\">\n\t\t\t<a class=\"wp-block-button__link has-text-color has-green-color has-background has-green-background-color\" href=\"https:\/\/fertilizercanada.ca\/wp-content\/uploads\/2020\/09\/EMBARGOED_Association-Release-Ottawa-Food-Bank-April-9-FINAL.pdf\" target=\"__blank\" rel=\"noreferrer noopener\"><\/a>\n\t\t<\/div>\n\t<\/div>\n<\/div>\n<\/div>\n<\/div>\n\n\n\n<div class=\"wp-block-column is-layout-flow wp-block-column-is-layout-flow\"><div>\n<div class=\"wp-block-columns card resource no-image no-excerpt\">\n\t<div class=\"wp-block-column\">\n\t\t<h4 class=\"has-green-color has-text-color h5\">Industry Groups Come Together to Support Canada\u2019s Food Banks &#8211; French Release<\/h4>\n\t<\/div>\n\t<div class=\"wp-block-column\">\n\t\t<div class=\"wp-block-button alignright\">\n\t\t\t<a class=\"wp-block-button__link has-text-color has-green-color has-background has-green-background-color\" href=\"https:\/\/fertilizercanada.ca\/wp-content\/uploads\/2020\/09\/EMBARGOED_Association-Release-Ottawa-Food-Bank-April-9-20201-FR.pdf\" target=\"__blank\" rel=\"noreferrer noopener\"><\/a>\n\t\t<\/div>\n\t<\/div>\n<\/div>\n<\/div>\n<\/div>\n<\/div>\n\n\n\n<h3 class=\"wp-block-heading\">LES MEMBRES DE L&rsquo;IFA DANS LE MONDE PASSE AU COMBAT CONTRE COVID-19<\/h3>\n\n\n\n<p>20 avril 2020<\/p>\n\n\n\n<p>Alors que le monde lutte contre la pand\u00e9mie de coronavirus, les entreprises d&rsquo;engrais du monde entier se mobilisent pour jouer leur r\u00f4le en contribuant aux ressources indispensables pour soutenir les syst\u00e8mes de sant\u00e9, les agriculteurs et les d\u00e9favoris\u00e9s. Voici quelques-unes des contributions d\u00e9j\u00e0 apport\u00e9es par les membres de l&rsquo;IFA.<\/p>\n\n\n\n<div class=\"wp-block-columns is-layout-flex wp-container-core-columns-is-layout-9d6595d7 wp-block-columns-is-layout-flex\">\n<div class=\"wp-block-column is-layout-flow wp-block-column-is-layout-flow\"><div>\n<div class=\"wp-block-columns card resource no-image no-excerpt\">\n\t<div class=\"wp-block-column\">\n\t\t<h4 class=\"has-green-color has-text-color h5\">IFA Notebook<\/h4>\n\t<\/div>\n\t<div class=\"wp-block-column\">\n\t\t<div class=\"wp-block-button alignright\">\n\t\t\t<a class=\"wp-block-button__link has-text-color has-green-color has-background has-green-background-color\" href=\"https:\/\/www.fertilizer.org\/Public\/Media\/IFA_Notebook\/Public\/Media\/IFA_Notebook\/2020_04_20_IFA_Members_Step_Up_to_Battle_COVID-19.aspx\" target=\"__blank\" rel=\"noreferrer noopener\"><\/a>\n\t\t<\/div>\n\t<\/div>\n<\/div>\n<\/div>\n<\/div>\n\n\n\n<div class=\"wp-block-column is-layout-flow wp-block-column-is-layout-flow\"><\/div>\n<\/div>\n\n\n\n<h3 class=\"wp-block-heading\">Guidelines for the use of electronic signatures || Guide sur l\u2019utilisation des signatures \u00e9lectroniques<\/h3>\n\n\n\n<p>Les lignes directrices se veulent un outil pour guider la prise de d\u00e9cision et identifier les domaines de risque potentiels. Il est possible que vous deviez approfondir certains cas d&rsquo;utilisation, en particulier lorsqu&rsquo;il existe une incertitude inh\u00e9rente \u00e0 la loi ou \u00e0 la pratique commerciale. Les lignes directrices ne visent pas \u00e0 traiter les questions juridiques d\u00e9coulant du commerce \u00e9lectronique de mani\u00e8re plus g\u00e9n\u00e9rale et devraient \u00eatre utilis\u00e9es uniquement pour d\u00e9terminer si une signature \u00e9lectronique sera juridiquement efficace dans un cas donn\u00e9.<\/p>\n\n\n\n<div class=\"wp-block-columns is-layout-flex wp-container-core-columns-is-layout-9d6595d7 wp-block-columns-is-layout-flex\">\n<div class=\"wp-block-column is-layout-flow wp-block-column-is-layout-flow\">\n<div>\n<div class=\"wp-block-columns card resource no-image no-excerpt\">\n\t<div class=\"wp-block-column\">\n\t\t<h4 class=\"has-green-color has-text-color h5\">Guide sur l\u2019utilisation des signatures \u00e9lectroniques<\/h4>\n\t<\/div>\n\t<div class=\"wp-block-column\">\n\t\t<div class=\"wp-block-button alignright\">\n\t\t\t<a class=\"wp-block-button__link has-text-color has-green-color has-background has-green-background-color\" href=\"https:\/\/fertilizercanada.ca\/wp-content\/uploads\/2020\/09\/Guide-sur-l\u2019utilisation-des-signatures-e\u0301lectroniques-A\u0300-jour-en-date-du-1er-avril-2020.pdf\" target=\"__blank\" rel=\"noreferrer noopener\"><\/a>\n\t\t<\/div>\n\t<\/div>\n<\/div>\n<\/div>\n<\/div>\n\n\n\n<div class=\"wp-block-column is-layout-flow wp-block-column-is-layout-flow\"><div>\n<div class=\"wp-block-columns card resource no-image no-excerpt\">\n\t<div class=\"wp-block-column\">\n\t\t<h4 class=\"has-green-color has-text-color h5\">Guide sur l\u2019utilisation des signatures \u00e9lectroniques<\/h4>\n\t<\/div>\n\t<div class=\"wp-block-column\">\n\t\t<div class=\"wp-block-button alignright\">\n\t\t\t<a class=\"wp-block-button__link has-text-color has-green-color has-background has-green-background-color\" href=\"https:\/\/fertilizercanada.ca\/wp-content\/uploads\/2020\/09\/Guide-sur-l\u2019utilisation-des-signatures-e\u0301lectroniques-A\u0300-jour-en-date-du-1er-avril-2020.pdf\" target=\"__blank\" rel=\"noreferrer noopener\"><\/a>\n\t\t<\/div>\n\t<\/div>\n<\/div>\n<\/div>\n<\/div>\n<\/div>\n\n\n\n<h2 class=\"wp-block-heading\">Informations de contact<\/h2>\n\n\n\n<div class=\"wp-block-columns is-layout-flex wp-container-core-columns-is-layout-9d6595d7 wp-block-columns-is-layout-flex\">\n<div class=\"wp-block-column is-layout-flow wp-block-column-is-layout-flow\">\n<h4 class=\"wp-block-heading\">Garth Whyte<\/h4>\n\n\n\n<h5 class=\"wp-block-heading\">Pr\u00e9sident et CEO<\/h5>\n\n\n\n<p><a href=\"mailto:gwhyte@fertilizercanada.ca\">gwhyte@fertilizercanada.ca<\/a><br \/>613-786-3030<\/p>\n<\/div>\n\n\n\n<div class=\"wp-block-column is-layout-flow wp-block-column-is-layout-flow\">\n<h4 class=\"wp-block-heading\">Clyde Graham<\/h4>\n\n\n\n<h5 class=\"wp-block-heading\">Vice-pr\u00e9sident ex\u00e9cutif<\/h5>\n\n\n\n<p><a href=\"mailto:cgraham@fertilizercanada.ca\">cgraham@fertilizercanada.ca<\/a><br \/>613-786-3033<\/p>\n<\/div>\n\n\n\n<div class=\"wp-block-column is-layout-flow wp-block-column-is-layout-flow\">\n<h4 class=\"wp-block-heading\">Catherine King<\/h4>\n\n\n\n<h5 class=\"wp-block-heading\">Vice-pr\u00e9sident, Affaires publiques<\/h5>\n\n\n\n<p><a href=\"mailto:cking@fertilizercanada.ca\">cking@fertilizercanada.ca<\/a><br \/>613-786-3026<\/p>\n<\/div>\n\n\n\n<div class=\"wp-block-column is-layout-flow wp-block-column-is-layout-flow\">\n<h4 class=\"wp-block-heading\">Daniel Kelter<\/h4>\n\n\n\n<h5 class=\"wp-block-heading\">Gestionnaire, relations gouvernementales<\/h5>\n\n\n\n<p><a href=\"mailto:dkelter@fertilizercanada.ca\" target=\"_blank\" rel=\"noreferrer noopener\">dkelter@fertilizercanada.ca<\/a><br \/>613-786-3039<\/p>\n<\/div>\n<\/div>\n<\/div><\/div>\n","protected":false},"excerpt":{"rendered":"<p>Fertilisants Canada a travaill\u00e9 avec diligence pour s&rsquo;assurer que le gouvernement, les intervenants et les m\u00e9dias sont conscients que notre<\/p>\n","protected":false},"author":37,"featured_media":0,"parent":0,"menu_order":0,"comment_status":"closed","ping_status":"closed","template":"","meta":{"footnotes":""},"class_list":["post-12100","page","type-page","status-publish","hentry"],"yoast_head":"<!-- This site is optimized with the Yoast SEO plugin v27.4 - https:\/\/yoast.com\/product\/yoast-seo-wordpress\/ -->\n<title>R\u00e9ponse de Fertilisants Canada au COVID-19 - Fertilizer Canada<\/title>\n<meta name=\"robots\" content=\"index, follow, max-snippet:-1, max-image-preview:large, max-video-preview:-1\" \/>\n<link rel=\"canonical\" href=\"https:\/\/fertilizercanada.ca\/fr\/reponse-de-fertilisants-canada-au-covid-19\/\" \/>\n<meta property=\"og:locale\" content=\"fr_FR\" \/>\n<meta property=\"og:type\" content=\"article\" \/>\n<meta property=\"og:title\" content=\"R\u00e9ponse de Fertilisants Canada au COVID-19 - Fertilizer Canada\" \/>\n<meta property=\"og:description\" content=\"Fertilisants Canada a travaill\u00e9 avec diligence pour s&rsquo;assurer que le gouvernement, les intervenants et les m\u00e9dias sont conscients que notre\" \/>\n<meta property=\"og:url\" content=\"https:\/\/fertilizercanada.ca\/fr\/reponse-de-fertilisants-canada-au-covid-19\/\" \/>\n<meta property=\"og:site_name\" content=\"Fertilizer Canada\" \/>\n<meta property=\"article:modified_time\" content=\"2020-09-25T16:15:52+00:00\" \/>\n<meta name=\"twitter:card\" content=\"summary_large_image\" \/>\n<meta name=\"twitter:site\" content=\"@FertilizerCA\" \/>\n<meta name=\"twitter:label1\" content=\"Dur\u00e9e de lecture estim\u00e9e\" \/>\n\t<meta name=\"twitter:data1\" content=\"10 minutes\" \/>\n<script type=\"application\/ld+json\" class=\"yoast-schema-graph\">{\"@context\":\"https:\\\/\\\/schema.org\",\"@graph\":[{\"@type\":\"WebPage\",\"@id\":\"https:\\\/\\\/fertilizercanada.ca\\\/fr\\\/reponse-de-fertilisants-canada-au-covid-19\\\/\",\"url\":\"https:\\\/\\\/fertilizercanada.ca\\\/fr\\\/reponse-de-fertilisants-canada-au-covid-19\\\/\",\"name\":\"R\u00e9ponse de Fertilisants Canada au COVID-19 - Fertilizer Canada\",\"isPartOf\":{\"@id\":\"https:\\\/\\\/fertilizercanada.ca\\\/#website\"},\"datePublished\":\"2020-09-25T14:02:30+00:00\",\"dateModified\":\"2020-09-25T16:15:52+00:00\",\"breadcrumb\":{\"@id\":\"https:\\\/\\\/fertilizercanada.ca\\\/fr\\\/reponse-de-fertilisants-canada-au-covid-19\\\/#breadcrumb\"},\"inLanguage\":\"fr-FR\",\"potentialAction\":[{\"@type\":\"ReadAction\",\"target\":[\"https:\\\/\\\/fertilizercanada.ca\\\/fr\\\/reponse-de-fertilisants-canada-au-covid-19\\\/\"]}]},{\"@type\":\"BreadcrumbList\",\"@id\":\"https:\\\/\\\/fertilizercanada.ca\\\/fr\\\/reponse-de-fertilisants-canada-au-covid-19\\\/#breadcrumb\",\"itemListElement\":[{\"@type\":\"ListItem\",\"position\":1,\"name\":\"Home\",\"item\":\"https:\\\/\\\/fertilizercanada.ca\\\/fr\\\/\"},{\"@type\":\"ListItem\",\"position\":2,\"name\":\"R\u00e9ponse de Fertilisants Canada au COVID-19\"}]},{\"@type\":\"WebSite\",\"@id\":\"https:\\\/\\\/fertilizercanada.ca\\\/#website\",\"url\":\"https:\\\/\\\/fertilizercanada.ca\\\/\",\"name\":\"Fertilizer Canada\",\"description\":\"Growing Stronger\",\"potentialAction\":[{\"@type\":\"SearchAction\",\"target\":{\"@type\":\"EntryPoint\",\"urlTemplate\":\"https:\\\/\\\/fertilizercanada.ca\\\/?s={search_term_string}\"},\"query-input\":{\"@type\":\"PropertyValueSpecification\",\"valueRequired\":true,\"valueName\":\"search_term_string\"}}],\"inLanguage\":\"fr-FR\"}]}<\/script>\n<!-- \/ Yoast SEO plugin. -->","yoast_head_json":{"title":"R\u00e9ponse de Fertilisants Canada au COVID-19 - Fertilizer Canada","robots":{"index":"index","follow":"follow","max-snippet":"max-snippet:-1","max-image-preview":"max-image-preview:large","max-video-preview":"max-video-preview:-1"},"canonical":"https:\/\/fertilizercanada.ca\/fr\/reponse-de-fertilisants-canada-au-covid-19\/","og_locale":"fr_FR","og_type":"article","og_title":"R\u00e9ponse de Fertilisants Canada au COVID-19 - Fertilizer Canada","og_description":"Fertilisants Canada a travaill\u00e9 avec diligence pour s&rsquo;assurer que le gouvernement, les intervenants et les m\u00e9dias sont conscients que notre","og_url":"https:\/\/fertilizercanada.ca\/fr\/reponse-de-fertilisants-canada-au-covid-19\/","og_site_name":"Fertilizer Canada","article_modified_time":"2020-09-25T16:15:52+00:00","twitter_card":"summary_large_image","twitter_site":"@FertilizerCA","twitter_misc":{"Dur\u00e9e de lecture estim\u00e9e":"10 minutes"},"schema":{"@context":"https:\/\/schema.org","@graph":[{"@type":"WebPage","@id":"https:\/\/fertilizercanada.ca\/fr\/reponse-de-fertilisants-canada-au-covid-19\/","url":"https:\/\/fertilizercanada.ca\/fr\/reponse-de-fertilisants-canada-au-covid-19\/","name":"R\u00e9ponse de Fertilisants Canada au COVID-19 - Fertilizer Canada","isPartOf":{"@id":"https:\/\/fertilizercanada.ca\/#website"},"datePublished":"2020-09-25T14:02:30+00:00","dateModified":"2020-09-25T16:15:52+00:00","breadcrumb":{"@id":"https:\/\/fertilizercanada.ca\/fr\/reponse-de-fertilisants-canada-au-covid-19\/#breadcrumb"},"inLanguage":"fr-FR","potentialAction":[{"@type":"ReadAction","target":["https:\/\/fertilizercanada.ca\/fr\/reponse-de-fertilisants-canada-au-covid-19\/"]}]},{"@type":"BreadcrumbList","@id":"https:\/\/fertilizercanada.ca\/fr\/reponse-de-fertilisants-canada-au-covid-19\/#breadcrumb","itemListElement":[{"@type":"ListItem","position":1,"name":"Home","item":"https:\/\/fertilizercanada.ca\/fr\/"},{"@type":"ListItem","position":2,"name":"R\u00e9ponse de Fertilisants Canada au COVID-19"}]},{"@type":"WebSite","@id":"https:\/\/fertilizercanada.ca\/#website","url":"https:\/\/fertilizercanada.ca\/","name":"Fertilizer Canada","description":"Growing Stronger","potentialAction":[{"@type":"SearchAction","target":{"@type":"EntryPoint","urlTemplate":"https:\/\/fertilizercanada.ca\/?s={search_term_string}"},"query-input":{"@type":"PropertyValueSpecification","valueRequired":true,"valueName":"search_term_string"}}],"inLanguage":"fr-FR"}]}},"_links":{"self":[{"href":"https:\/\/fertilizercanada.ca\/fr\/wp-json\/wp\/v2\/pages\/12100","targetHints":{"allow":["GET"]}}],"collection":[{"href":"https:\/\/fertilizercanada.ca\/fr\/wp-json\/wp\/v2\/pages"}],"about":[{"href":"https:\/\/fertilizercanada.ca\/fr\/wp-json\/wp\/v2\/types\/page"}],"author":[{"embeddable":true,"href":"https:\/\/fertilizercanada.ca\/fr\/wp-json\/wp\/v2\/users\/37"}],"replies":[{"embeddable":true,"href":"https:\/\/fertilizercanada.ca\/fr\/wp-json\/wp\/v2\/comments?post=12100"}],"version-history":[{"count":0,"href":"https:\/\/fertilizercanada.ca\/fr\/wp-json\/wp\/v2\/pages\/12100\/revisions"}],"wp:attachment":[{"href":"https:\/\/fertilizercanada.ca\/fr\/wp-json\/wp\/v2\/media?parent=12100"}],"curies":[{"name":"wp","href":"https:\/\/api.w.org\/{rel}","templated":true}]}}